{"id":125,"date":"2021-01-20T13:11:23","date_gmt":"2021-01-20T11:11:23","guid":{"rendered":"https:\/\/monikkoperheet.fi\/pori\/?page_id=125"},"modified":"2021-02-05T15:31:59","modified_gmt":"2021-02-05T13:31:59","slug":"tietosuojaseloste","status":"publish","type":"page","link":"https:\/\/monikkoperheet.fi\/pori\/tietosuojaseloste\/","title":{"rendered":"Tietosuojaseloste"},"content":{"rendered":"\n<h3 class=\"wp-block-heading\">Porin Seudun Monikkoperheet ry:n tietosuojaseloste:<\/h3>\n\n\n\n<h5 class=\"wp-block-heading\">Rekisterin pit\u00e4j\u00e4:<\/h5>\n\n\n\n<p>Porin Seudun Monikkoperheet ry<\/p>\n\n\n\n<h5 class=\"wp-block-heading\">Yhteyshenkil\u00f6 rekisteri\u00e4 koskevissa asioissa:<\/h5>\n\n\n\n<p>porinseudunmonikkoperheet(a)gmail.com<\/p>\n\n\n\n<h5 class=\"wp-block-heading\">Rekisterin nimi:<\/h5>\n\n\n\n<p>J\u00e4senrekisteri, hallituksen kokoonpanorekisteri, ty\u00f6ryhm\u00e4kokoonpanon rekisterit, j\u00e4rjestett\u00e4v\u00e4n tapahtuman osallistujarekisterit, neuvoloiden yhteystietorekisteri<\/p>\n\n\n\n<h5 class=\"wp-block-heading\">Henkil\u00f6tietojen k\u00e4sittelyn tarkoitus:<\/h5>\n\n\n\n<p>J\u00e4senrekisteri\u00e4 yll\u00e4pidet\u00e4\u00e4n excel-taulukkona ja s\u00e4hk\u00f6postista l\u00f6ytyy s\u00e4hk\u00f6postiryhm\u00e4 j\u00e4rjest\u00f6n toimintaa liittyv\u00e4\u00e4 tiedotusta ja yhteydenpitoa varten.<\/p>\n\n\n\n<p>Hallituksen kokoonpanorekisterist\u00e4 selvi\u00e4\u00e4 hallituksen j\u00e4senten m\u00e4\u00e4r\u00e4, ty\u00f6nkuva hallituksessa ja yhteystiedot hallituksen toimintaan liittyv\u00e4\u00e4 tiedotusta ja yhteydenpitoa varten.<\/p>\n\n\n\n<p>Ty\u00f6ryhm\u00e4kokoonpanon rekisterit kootaan jokaista j\u00e4rjestett\u00e4v\u00e4\u00e4 tapahtumaa varten. Rekisterist\u00e4 selvi\u00e4\u00e4 jokaisen ty\u00f6teht\u00e4v\u00e4 koskien kyseist\u00e4 tapahtumaa.<\/p>\n\n\n\n<p>J\u00e4rjestett\u00e4v\u00e4n tapahtuman osallistujarekisteri\u00e4 yll\u00e4pidet\u00e4\u00e4n ennen jokaista tapahtumaa. Rekisterin tarkoitus on auttaa tapahtuman j\u00e4rjestelyiss\u00e4 ja saada selvyys kuinka paljon osallistujia jokaiseen tapahtumaan on tulossa.<\/p>\n\n\n\n<p>Neuvoloiden yhteystietorekisterist\u00e4 selvi\u00e4\u00e4 neuvolat, joiden kanssa yhdistys on ollut tekemisiss\u00e4 ja joiden kanssa tekee yhteisty\u00f6t\u00e4.<\/p>\n\n\n\n<h5 class=\"wp-block-heading\">Rekisterin tietosis\u00e4lt\u00f6:<\/h5>\n\n\n\n<p>J\u00e4senrekisteri: nimi, osoite, puhelinnumero, s\u00e4hk\u00f6postiosoite, monikkolasten syntym\u00e4kuukausi ja vuosi. Tiedot s\u00e4ilytet\u00e4\u00e4n niin kauan kuin perhe on yhdistyksen j\u00e4seni\u00e4. Kaikki tiedot poistetaan heti, kun perhe on ilmoittanut halustaan erota yhdistyksest\u00e4.<\/p>\n\n\n\n<p>Hallituksen kokoonpanorekisteri: nimi, ty\u00f6nkuva yhdistyksess\u00e4, s\u00e4hk\u00f6postiosoite, puhelinnumero. Tiedot poistetaan hallituksen kokoonpanorekisterist\u00e4 siin\u00e4 vaiheessa, kun kyseinen henkil\u00f6 ilmoittaa halustaan lopettaa hallitustoiminnan ja h\u00e4net erotetaan.<\/p>\n\n\n\n<p>Ty\u00f6ryhm\u00e4kokoonpanorekisteri: nimi ja ty\u00f6teht\u00e4v\u00e4 koskien j\u00e4rjestett\u00e4v\u00e4\u00e4 tapahtumaa. Rekisterin tiedot poistetaan tapahtuman j\u00e4lkeen.<\/p>\n\n\n\n<p>J\u00e4rjestett\u00e4v\u00e4n tapahtuman osallistujarekisteri: nimi ja osallistuvien aikuisten sek\u00e4 lasten lukum\u00e4\u00e4r\u00e4 ja mahdollisesti lasten i\u00e4t. Rekisterit kootaan vain hallituksen k\u00e4ytett\u00e4viss\u00e4 olevalle salatulle Facebook-sivulle, josta ne tuhotaan v\u00e4litt\u00f6m\u00e4sti tapahtuman j\u00e4lkeen.<\/p>\n\n\n\n<p>Neuvoloiden yhteystietorekisteri: Neuvolan\/Terveyskeskuksen nimi, \u00e4itiysneuvolan terveydenhoitajan nimi, neuvolan puhelinnumero, mahdollisesti osoite ja s\u00e4hk\u00f6postiosoite. Yhteystietoja p\u00e4ivitet\u00e4\u00e4n s\u00e4\u00e4nn\u00f6llisesti ja vanhat yhteystiedot poistetaan v\u00e4litt\u00f6m\u00e4sti niiden muuttuessa tai jos henkil\u00f6n niin haluaa.<\/p>\n\n\n\n<h5 class=\"wp-block-heading\">S\u00e4\u00e4nn\u00f6nmukaiset tietol\u00e4hteet:<\/h5>\n\n\n\n<p>J\u00e4senrekisterin tiedot saadaan j\u00e4senperheeksi haluavan t\u00e4ytt\u00e4ess\u00e4 liittymislomakkeen nettisivujemme kautta, puhelimitse, s\u00e4hk\u00f6postilla tai henkil\u00f6kohtaisesti annetuista tiedoista.<\/p>\n\n\n\n<p>Hallituksen kokoonpanorekisterin tiedot ker\u00e4t\u00e4\u00e4n j\u00e4senrekisterin tiedoista siin\u00e4 vaiheessa kun hallituskokoonpano selvi\u00e4\u00e4.<\/p>\n\n\n\n<p>Ty\u00f6ryhm\u00e4kokoonapanorekisteri kootaan j\u00e4senrekisterist\u00e4 tai hallituksen kokoonpanorekisterist\u00e4 siin\u00e4 vaiheessa kun uuden tapahtuman j\u00e4rjest\u00e4misest\u00e4 on p\u00e4\u00e4tetty.<\/p>\n\n\n\n<p>J\u00e4rjestett\u00e4v\u00e4n tapahtuman osallistujarekisteri kootaan niist\u00e4 tiedoista, jotka j\u00e4senemme antavat p\u00e4\u00e4tt\u00e4ess\u00e4\u00e4n osallistua j\u00e4rjestett\u00e4v\u00e4\u00e4n tapahtumaan.<\/p>\n\n\n\n<p>Neuvoloiden yhteystietorekisteri kootaan ajankohtaisista tiedoista kuntien\/kaupunkien nettisivuilta tai soittamalla terveyskeskuksiin ja kysym\u00e4ll\u00e4 tarkempia yhteystietoja.<\/p>\n\n\n\n<h5 class=\"wp-block-heading\">Tietojen s\u00e4\u00e4nn\u00f6nmukaiset luovutukset:<\/h5>\n\n\n\n<p>J\u00e4senrekisterin tiedot ovat hallituslaisten luettavissa ja j\u00e4senvastaavan muokattavissa. Tietoja ei luovuteta ulkopuolisille miss\u00e4\u00e4n vaiheessa.<\/p>\n\n\n\n<p>Hallituksen kokoonpanorekisterin tiedot ovat hallituslaisten tarkasteltavissa, eik\u00e4 tietoja luovuteta ulkopuolisille.<\/p>\n\n\n\n<p>Ty\u00f6ryhm\u00e4kokoonpanorekisteri on vain hallituslaisten tarkasteltavissa, eik\u00e4 tietoja luovuteta ulkopuolisille.<\/p>\n\n\n\n<p>J\u00e4rjestett\u00e4v\u00e4n tapahtuman osallistujarekisteri on p\u00e4\u00e4s\u00e4\u00e4nt\u00f6isesti vain hallituslaisten tarkasteltavissa. Jos tieto osallistumisesta ker\u00e4t\u00e4\u00e4n yhdistyksen Facebook-sivujen kautta niin tieto osallistuvista j\u00e4senist\u00e4 on t\u00e4ll\u00f6in n\u00e4ht\u00e4viss\u00e4 kyseisill\u00e4 sivuilla. Aikuisten ja lasten lukum\u00e4\u00e4r\u00e4 saatetaan ilmoittaa eteenp\u00e4in jos tapahtuma j\u00e4rjestet\u00e4\u00e4n paikassa, joka haluaa tiedon osallistuvien ihmisten m\u00e4\u00e4r\u00e4st\u00e4.<\/p>\n\n\n\n<p>Neuvoloiden yhteystietorekisteri on vain hallituslaisten tarkasteltavissa, eik\u00e4 tietoja luovuteta ulkopuolisille.<\/p>\n\n\n\n<h5 class=\"wp-block-heading\">Tietojen siirto EU:n tai ETA:n ulkopuolelle:<\/h5>\n\n\n\n<p>Yhdistyksen tietoja on tallessa Dropbox-kansiossa, joka sijaitsee Eu:n ulkopuolella.<\/p>\n\n\n\n<h5 class=\"wp-block-heading\">Rekisterin suojauksen periaatteet:<\/h5>\n\n\n\n<p>Manuaaliset: yhdistys ei k\u00e4sittele mit\u00e4\u00e4n rekisterej\u00e4 manuaalisesti.<\/p>\n\n\n\n<p>Koneella: yhdistyksen rekisterit sijaitsevat joko yhdistyksen dropbox-kansiossa (salasanan takana) tai hallituksen salatulla Facebook-sivulla (kirjauduttava omilla tunnuksilla facebookkiin). J\u00e4senrekisteri sijaitsee dropboxin lis\u00e4ksi j\u00e4senvastaavan omalla tietokoneella, joka on suojattu salasanalla.<\/p>\n\n\n\n<h5 class=\"wp-block-heading\">Tarkastusoikeus:<\/h5>\n\n\n\n<p>Jokaisella on oikeus tarkistaa henkil\u00f6rekisteriin tallennetut tiedot. Pyynt\u00f6 tulee tehd\u00e4 s\u00e4hk\u00f6postilla osoitteeseen porinseudunmonikkoperheet(a)gmail.com. Tietopyynt\u00f6\u00f6n vastataan kahden viikon kuluessa, paitsi loma-aikoina vastausaika saattaa olla pidempi.<\/p>\n\n\n\n<h5 class=\"wp-block-heading\">Muut oikeudet:<\/h5>\n\n\n\n<p>Jokaisella on oikeus vaatia henkil\u00f6rekisteriss\u00e4 olevan virheellisen tiedon korjaamista. Pyynt\u00f6 tulee tehd\u00e4 osoitteeseen porinseudunmonikkoperheet(a)gmail.com.<\/p>\n","protected":false},"excerpt":{"rendered":"<p>Porin Seudun Monikkoperheet ry:n tietosuojaseloste: Rekisterin pit\u00e4j\u00e4: Porin Seudun Monikkoperheet ry Yhteyshenkil\u00f6 rekisteri\u00e4 koskevissa asioissa: porinseudunmonikkoperheet(a)gmail.com Rekisterin nimi: J\u00e4senrekisteri, hallituksen kokoonpanorekisteri, ty\u00f6ryhm\u00e4kokoonpanon rekisterit, j\u00e4rjestett\u00e4v\u00e4n tapahtuman osallistujarekisterit, neuvoloiden yhteystietorekisteri Henkil\u00f6tietojen k\u00e4sittelyn tarkoitus: J\u00e4senrekisteri\u00e4 yll\u00e4pidet\u00e4\u00e4n excel-taulukkona ja s\u00e4hk\u00f6postista l\u00f6ytyy s\u00e4hk\u00f6postiryhm\u00e4 j\u00e4rjest\u00f6n toimintaa liittyv\u00e4\u00e4 tiedotusta ja yhteydenpitoa varten. Hallituksen kokoonpanorekisterist\u00e4 selvi\u00e4\u00e4 hallituksen j\u00e4senten m\u00e4\u00e4r\u00e4, ty\u00f6nkuva hallituksessa ja yhteystiedot [&hellip;]<\/p>\n","protected":false},"author":2,"featured_media":0,"parent":0,"menu_order":0,"comment_status":"closed","ping_status":"closed","template":"templates\/page-narrow.php","meta":{"_acf_changed":false,"footnotes":""},"class_list":["post-125","page","type-page","status-publish","hentry"],"acf":[],"aioseo_notices":[],"_links":{"self":[{"href":"https:\/\/monikkoperheet.fi\/pori\/wp-json\/wp\/v2\/pages\/125","targetHints":{"allow":["GET"]}}],"collection":[{"href":"https:\/\/monikkoperheet.fi\/pori\/wp-json\/wp\/v2\/pages"}],"about":[{"href":"https:\/\/monikkoperheet.fi\/pori\/wp-json\/wp\/v2\/types\/page"}],"author":[{"embeddable":true,"href":"https:\/\/monikkoperheet.fi\/pori\/wp-json\/wp\/v2\/users\/2"}],"replies":[{"embeddable":true,"href":"https:\/\/monikkoperheet.fi\/pori\/wp-json\/wp\/v2\/comments?post=125"}],"version-history":[{"count":2,"href":"https:\/\/monikkoperheet.fi\/pori\/wp-json\/wp\/v2\/pages\/125\/revisions"}],"predecessor-version":[{"id":146,"href":"https:\/\/monikkoperheet.fi\/pori\/wp-json\/wp\/v2\/pages\/125\/revisions\/146"}],"wp:attachment":[{"href":"https:\/\/monikkoperheet.fi\/pori\/wp-json\/wp\/v2\/media?parent=125"}],"curies":[{"name":"wp","href":"https:\/\/api.w.org\/{rel}","templated":true}]}}